{"version":"1.0","provider_name":"F\u00e9d\u00e9ration des ordres professionnels de juristes du Canada","provider_url":"https:\/\/nca.legal\/fr\/","author_name":"Bob Linney","author_url":"https:\/\/nca.legal\/fr\/author\/blinney\/","title":"Le CNE et la COVID-19 \u2013 Mise \u00e0 jour no 4 - F\u00e9d\u00e9ration des ordres professionnels de juristes du Canada","type":"rich","width":600,"height":338,"html":"<blockquote class=\"wp-embedded-content\" data-secret=\"deli70W34V\"><a href=\"https:\/\/nca.legal\/fr\/avis-4-du-cne-sur-le-covid-19\/\">Le CNE et la COVID-19 \u2013 Mise \u00e0 jour no 4<\/a><\/blockquote><iframe sandbox=\"allow-scripts\" security=\"restricted\" src=\"https:\/\/nca.legal\/fr\/avis-4-du-cne-sur-le-covid-19\/embed\/#?secret=deli70W34V\" width=\"600\" height=\"338\" title=\"\u00ab\u00a0Le CNE et la COVID-19 \u2013 Mise \u00e0 jour no 4\u00a0\u00bb &#8212; F\u00e9d\u00e9ration des ordres professionnels de juristes du Canada\" data-secret=\"deli70W34V\" frameborder=\"0\" marginwidth=\"0\" marginheight=\"0\" scrolling=\"no\" class=\"wp-embedded-content\"><\/iframe><script type=\"text\/javascript\">\n\/* <![CDATA[ *\/\n\/*! This file is auto-generated *\/\n!function(d,l){\"use strict\";l.querySelector&&d.addEventListener&&\"undefined\"!=typeof URL&&(d.wp=d.wp||{},d.wp.receiveEmbedMessage||(d.wp.receiveEmbedMessage=function(e){var t=e.data;if((t||t.secret||t.message||t.value)&&!\/[^a-zA-Z0-9]\/.test(t.secret)){for(var s,r,n,a=l.querySelectorAll('iframe[data-secret=\"'+t.secret+'\"]'),o=l.querySelectorAll('blockquote[data-secret=\"'+t.secret+'\"]'),c=new RegExp(\"^https?:$\",\"i\"),i=0;i<o.length;i++)o[i].style.display=\"none\";for(i=0;i<a.length;i++)s=a[i],e.source===s.contentWindow&&(s.removeAttribute(\"style\"),\"height\"===t.message?(1e3<(r=parseInt(t.value,10))?r=1e3:~~r<200&&(r=200),s.height=r):\"link\"===t.message&&(r=new URL(s.getAttribute(\"src\")),n=new URL(t.value),c.test(n.protocol))&&n.host===r.host&&l.activeElement===s&&(d.top.location.href=t.value))}},d.addEventListener(\"message\",d.wp.receiveEmbedMessage,!1),l.addEventListener(\"DOMContentLoaded\",function(){for(var e,t,s=l.querySelectorAll(\"iframe.wp-embedded-content\"),r=0;r<s.length;r++)(t=(e=s[r]).getAttribute(\"data-secret\"))||(t=Math.random().toString(36).substring(2,12),e.src+=\"#?secret=\"+t,e.setAttribute(\"data-secret\",t)),e.contentWindow.postMessage({message:\"ready\",secret:t},\"*\")},!1)))}(window,document);\n\/\/# sourceURL=https:\/\/nca.legal\/wp-includes\/js\/wp-embed.min.js\n\/* ]]> *\/\n<\/script>\n","description":"Veuillez noter que la p\u00e9riode d\u2019inscription aux examens du CNE d\u2019ao\u00fbt 2020 d\u00e9butera le 1er\u00a0mai et prendra fin \u00e0 midi (heure de l\u2019Est) le 19 juin. Le CNE offrira toutes les mati\u00e8res d\u2019examen du mois de mai \u00e0 la session du mois d\u2019ao\u00fbt, en plus des mati\u00e8res d\u00e9j\u00e0 pr\u00e9vues pour cette p\u00e9riode d\u2019examens. Ceux et [&hellip;]"}