{"version":"1.0","provider_name":"F\u00e9d\u00e9ration des ordres professionnels de juristes du Canada","provider_url":"https:\/\/nca.legal\/fr\/","author_name":"Bob Linney","author_url":"https:\/\/nca.legal\/fr\/author\/blinney\/","title":"Prolongation des p\u00e9riodes d\u2019inscription aux examens du CNE - F\u00e9d\u00e9ration des ordres professionnels de juristes du Canada","type":"rich","width":600,"height":338,"html":"<blockquote class=\"wp-embedded-content\" data-secret=\"5y5iUrCjtE\"><a href=\"https:\/\/nca.legal\/fr\/nca-exam-registration-extended\/\">Prolongation des p\u00e9riodes d\u2019inscription aux examens du CNE<\/a><\/blockquote><iframe sandbox=\"allow-scripts\" security=\"restricted\" src=\"https:\/\/nca.legal\/fr\/nca-exam-registration-extended\/embed\/#?secret=5y5iUrCjtE\" width=\"600\" height=\"338\" title=\"\u00ab\u00a0Prolongation des p\u00e9riodes d\u2019inscription aux examens du CNE\u00a0\u00bb &#8212; F\u00e9d\u00e9ration des ordres professionnels de juristes du Canada\" data-secret=\"5y5iUrCjtE\" frameborder=\"0\" marginwidth=\"0\" marginheight=\"0\" scrolling=\"no\" class=\"wp-embedded-content\"><\/iframe><script type=\"text\/javascript\">\n\/* <![CDATA[ *\/\n\/*! This file is auto-generated *\/\n!function(d,l){\"use strict\";l.querySelector&&d.addEventListener&&\"undefined\"!=typeof URL&&(d.wp=d.wp||{},d.wp.receiveEmbedMessage||(d.wp.receiveEmbedMessage=function(e){var t=e.data;if((t||t.secret||t.message||t.value)&&!\/[^a-zA-Z0-9]\/.test(t.secret)){for(var s,r,n,a=l.querySelectorAll('iframe[data-secret=\"'+t.secret+'\"]'),o=l.querySelectorAll('blockquote[data-secret=\"'+t.secret+'\"]'),c=new RegExp(\"^https?:$\",\"i\"),i=0;i<o.length;i++)o[i].style.display=\"none\";for(i=0;i<a.length;i++)s=a[i],e.source===s.contentWindow&&(s.removeAttribute(\"style\"),\"height\"===t.message?(1e3<(r=parseInt(t.value,10))?r=1e3:~~r<200&&(r=200),s.height=r):\"link\"===t.message&&(r=new URL(s.getAttribute(\"src\")),n=new URL(t.value),c.test(n.protocol))&&n.host===r.host&&l.activeElement===s&&(d.top.location.href=t.value))}},d.addEventListener(\"message\",d.wp.receiveEmbedMessage,!1),l.addEventListener(\"DOMContentLoaded\",function(){for(var e,t,s=l.querySelectorAll(\"iframe.wp-embedded-content\"),r=0;r<s.length;r++)(t=(e=s[r]).getAttribute(\"data-secret\"))||(t=Math.random().toString(36).substring(2,12),e.src+=\"#?secret=\"+t,e.setAttribute(\"data-secret\",t)),e.contentWindow.postMessage({message:\"ready\",secret:t},\"*\")},!1)))}(window,document);\n\/\/# sourceURL=https:\/\/nca.legal\/wp-includes\/js\/wp-embed.min.js\n\/* ]]> *\/\n<\/script>\n","description":"Le Comit\u00e9 national sur les \u00e9quivalences des dipl\u00f4mes de droit (CNE) est ravi de vous annoncer le report des dates limites \u00e9tablies pour l\u2019inscription aux examens. Ce changement s\u2019applique \u00e0 l\u2019ensemble des sessions d\u2019examen \u00e0 compter du mois d\u2019octobre\u00a02021. Les candidats du CNE disposeront d\u00e9sormais de plusieurs semaines suppl\u00e9mentaires pour s\u2019inscrire aux examens et pourront [&hellip;]"}