{"version":"1.0","provider_name":"F\u00e9d\u00e9ration des ordres professionnels de juristes du Canada","provider_url":"https:\/\/nca.legal\/fr\/","author_name":"Bob Linney","author_url":"https:\/\/nca.legal\/fr\/author\/blinney\/","title":"Le Comit\u00e9 national sur les \u00e9quivalences des dipl\u00f4mes de droit (CNE) reprend partiellement ses activit\u00e9s \u00e0 ses bureaux - F\u00e9d\u00e9ration des ordres professionnels de juristes du Canada","type":"rich","width":600,"height":338,"html":"<blockquote class=\"wp-embedded-content\" data-secret=\"2VUN1osCl6\"><a href=\"https:\/\/nca.legal\/fr\/nca-resumes-partial-in-office-operations\/\">Le Comit\u00e9 national sur les \u00e9quivalences des dipl\u00f4mes de droit (CNE) reprend partiellement ses activit\u00e9s \u00e0 ses bureaux<\/a><\/blockquote><iframe sandbox=\"allow-scripts\" security=\"restricted\" src=\"https:\/\/nca.legal\/fr\/nca-resumes-partial-in-office-operations\/embed\/#?secret=2VUN1osCl6\" width=\"600\" height=\"338\" title=\"\u00ab\u00a0Le Comit\u00e9 national sur les \u00e9quivalences des dipl\u00f4mes de droit (CNE) reprend partiellement ses activit\u00e9s \u00e0 ses bureaux\u00a0\u00bb &#8212; F\u00e9d\u00e9ration des ordres professionnels de juristes du Canada\" data-secret=\"2VUN1osCl6\" frameborder=\"0\" marginwidth=\"0\" marginheight=\"0\" scrolling=\"no\" class=\"wp-embedded-content\"><\/iframe><script type=\"text\/javascript\">\n\/* <![CDATA[ *\/\n\/*! This file is auto-generated *\/\n!function(d,l){\"use strict\";l.querySelector&&d.addEventListener&&\"undefined\"!=typeof URL&&(d.wp=d.wp||{},d.wp.receiveEmbedMessage||(d.wp.receiveEmbedMessage=function(e){var t=e.data;if((t||t.secret||t.message||t.value)&&!\/[^a-zA-Z0-9]\/.test(t.secret)){for(var s,r,n,a=l.querySelectorAll('iframe[data-secret=\"'+t.secret+'\"]'),o=l.querySelectorAll('blockquote[data-secret=\"'+t.secret+'\"]'),c=new RegExp(\"^https?:$\",\"i\"),i=0;i<o.length;i++)o[i].style.display=\"none\";for(i=0;i<a.length;i++)s=a[i],e.source===s.contentWindow&&(s.removeAttribute(\"style\"),\"height\"===t.message?(1e3<(r=parseInt(t.value,10))?r=1e3:~~r<200&&(r=200),s.height=r):\"link\"===t.message&&(r=new URL(s.getAttribute(\"src\")),n=new URL(t.value),c.test(n.protocol))&&n.host===r.host&&l.activeElement===s&&(d.top.location.href=t.value))}},d.addEventListener(\"message\",d.wp.receiveEmbedMessage,!1),l.addEventListener(\"DOMContentLoaded\",function(){for(var e,t,s=l.querySelectorAll(\"iframe.wp-embedded-content\"),r=0;r<s.length;r++)(t=(e=s[r]).getAttribute(\"data-secret\"))||(t=Math.random().toString(36).substring(2,12),e.src+=\"#?secret=\"+t,e.setAttribute(\"data-secret\",t)),e.contentWindow.postMessage({message:\"ready\",secret:t},\"*\")},!1)))}(window,document);\n\/\/# sourceURL=https:\/\/nca.legal\/wp-includes\/js\/wp-embed.min.js\n\/* ]]> *\/\n<\/script>\n","description":"Nous sommes heureux de vous informer qu\u2019\u00e9tant donn\u00e9 que l\u2019Ontario passera \u00e0 la deuxi\u00e8me \u00e9tape de son plan de r\u00e9ouverture le 30\u00a0juin 2021, le CNE reprendra partiellement ses activit\u00e9s \u00e0 ses bureaux. Les employ\u00e9s du CNE pourront \u00e0 nouveau traiter les demandes et effectuer les \u00e9valuations. Nous accusons un retard important actuellement en ce qui [&hellip;]"}