{"version":"1.0","provider_name":"F\u00e9d\u00e9ration des ordres professionnels de juristes du Canada","provider_url":"https:\/\/nca.legal\/fr\/","author_name":"National Committee on Accreditation","author_url":"https:\/\/nca.legal\/fr\/author\/baytek\/","title":"Re\u00e7us officiels du CNE - F\u00e9d\u00e9ration des ordres professionnels de juristes du Canada","type":"rich","width":600,"height":338,"html":"<blockquote class=\"wp-embedded-content\" data-secret=\"WvInpSlmar\"><a href=\"https:\/\/nca.legal\/fr\/recus-officiels-du-cne-4\/\">Re\u00e7us officiels du CNE<\/a><\/blockquote><iframe sandbox=\"allow-scripts\" security=\"restricted\" src=\"https:\/\/nca.legal\/fr\/recus-officiels-du-cne-4\/embed\/#?secret=WvInpSlmar\" width=\"600\" height=\"338\" title=\"\u00ab\u00a0Re\u00e7us officiels du CNE\u00a0\u00bb &#8212; F\u00e9d\u00e9ration des ordres professionnels de juristes du Canada\" data-secret=\"WvInpSlmar\" frameborder=\"0\" marginwidth=\"0\" marginheight=\"0\" scrolling=\"no\" class=\"wp-embedded-content\"><\/iframe><script type=\"text\/javascript\">\n\/* <![CDATA[ *\/\n\/*! This file is auto-generated *\/\n!function(d,l){\"use strict\";l.querySelector&&d.addEventListener&&\"undefined\"!=typeof URL&&(d.wp=d.wp||{},d.wp.receiveEmbedMessage||(d.wp.receiveEmbedMessage=function(e){var t=e.data;if((t||t.secret||t.message||t.value)&&!\/[^a-zA-Z0-9]\/.test(t.secret)){for(var s,r,n,a=l.querySelectorAll('iframe[data-secret=\"'+t.secret+'\"]'),o=l.querySelectorAll('blockquote[data-secret=\"'+t.secret+'\"]'),c=new RegExp(\"^https?:$\",\"i\"),i=0;i<o.length;i++)o[i].style.display=\"none\";for(i=0;i<a.length;i++)s=a[i],e.source===s.contentWindow&&(s.removeAttribute(\"style\"),\"height\"===t.message?(1e3<(r=parseInt(t.value,10))?r=1e3:~~r<200&&(r=200),s.height=r):\"link\"===t.message&&(r=new URL(s.getAttribute(\"src\")),n=new URL(t.value),c.test(n.protocol))&&n.host===r.host&&l.activeElement===s&&(d.top.location.href=t.value))}},d.addEventListener(\"message\",d.wp.receiveEmbedMessage,!1),l.addEventListener(\"DOMContentLoaded\",function(){for(var e,t,s=l.querySelectorAll(\"iframe.wp-embedded-content\"),r=0;r<s.length;r++)(t=(e=s[r]).getAttribute(\"data-secret\"))||(t=Math.random().toString(36).substring(2,12),e.src+=\"#?secret=\"+t,e.setAttribute(\"data-secret\",t)),e.contentWindow.postMessage({message:\"ready\",secret:t},\"*\")},!1)))}(window,document);\n\/\/# sourceURL=https:\/\/nca.legal\/wp-includes\/js\/wp-embed.min.js\n\/* ]]> *\/\n<\/script>\n","description":"Veuillez noter que le re\u00e7u officiel pour l\u2019ann\u00e9e civile 2023 a \u00e9t\u00e9 d\u00e9pos\u00e9 dans votre portail du CNE. Conform\u00e9ment aux directives de l\u2019ARC, vous pouvez demander une d\u00e9duction pour les droits d\u2019examen du CNE. Veuillez noter \u00e9galement que la date indiqu\u00e9e avec le montant ne correspond pas \u00e0 la date du paiement, mais plut\u00f4t \u00e0 [&hellip;]"}